{"id":182,"date":"2020-05-07T07:10:55","date_gmt":"2020-05-07T04:10:55","guid":{"rendered":"https:\/\/careforminors.eu\/about\/"},"modified":"2020-10-14T10:58:16","modified_gmt":"2020-10-14T07:58:16","slug":"the-proud-project","status":"publish","type":"page","link":"https:\/\/careforminors.eu\/de\/the-proud-project\/","title":{"rendered":"Das PROUD-Projekt"},"content":{"rendered":"<div data-elementor-type=\"wp-page\" data-elementor-id=\"182\" class=\"elementor elementor-182\" data-elementor-settings=\"{&quot;ha_cmc_init_switcher&quot;:&quot;no&quot;}\" data-elementor-post-type=\"page\">\n\t\t\t\t\t\t<section class=\"elementor-section elementor-top-section elementor-element elementor-element-868ee6f elementor-section-full_width elementor-section-stretched elementor-section-height-default elementor-section-height-default\" data-id=\"868ee6f\" data-element_type=\"section\" data-e-type=\"section\" data-settings=\"{&quot;stretch_section&quot;:&quot;section-stretched&quot;,&quot;_ha_eqh_enable&quot;:false}\">\n\t\t\t\t\t\t\t<div class=\"elementor-background-overlay\"><\/div>\n\t\t\t\t\t\t\t<div class=\"elementor-container elementor-column-gap-no\">\n\t\t\t\t\t<div class=\"elementor-column elementor-col-100 elementor-top-column elementor-element elementor-element-c0dd7a2\" data-id=\"c0dd7a2\" data-element_type=\"column\" data-e-type=\"column\">\n\t\t\t<div class=\"elementor-widget-wrap elementor-element-populated\">\n\t\t\t\t\t\t<div class=\"elementor-element elementor-element-c7bec90 elementor-widget elementor-widget-heading\" data-id=\"c7bec90\" data-element_type=\"widget\" data-e-type=\"widget\" data-widget_type=\"heading.default\">\n\t\t\t\t<div class=\"elementor-widget-container\">\n\t\t\t\t\t<h1 class=\"elementor-heading-title elementor-size-default\">Das PROUD-Projekt<\/h1>\t\t\t\t<\/div>\n\t\t\t\t<\/div>\n\t\t\t\t<div class=\"elementor-element elementor-element-6543e8b elementor-widget-divider--view-line elementor-widget elementor-widget-divider\" data-id=\"6543e8b\" data-element_type=\"widget\" data-e-type=\"widget\" data-widget_type=\"divider.default\">\n\t\t\t\t<div class=\"elementor-widget-container\">\n\t\t\t\t\t\t\t<div class=\"elementor-divider\">\n\t\t\t<span class=\"elementor-divider-separator\">\n\t\t\t\t\t\t<\/span>\n\t\t<\/div>\n\t\t\t\t\t\t<\/div>\n\t\t\t\t<\/div>\n\t\t\t\t\t<\/div>\n\t\t<\/div>\n\t\t\t\t\t<\/div>\n\t\t<\/section>\n\t\t\t\t<section class=\"elementor-section elementor-top-section elementor-element elementor-element-1b1f0e4 elementor-section-boxed elementor-section-height-default elementor-section-height-default\" data-id=\"1b1f0e4\" data-element_type=\"section\" data-e-type=\"section\" data-settings=\"{&quot;_ha_eqh_enable&quot;:false}\">\n\t\t\t\t\t\t<div class=\"elementor-container elementor-column-gap-no\">\n\t\t\t\t\t<div class=\"elementor-column elementor-col-100 elementor-top-column elementor-element elementor-element-c5180a0\" data-id=\"c5180a0\" data-element_type=\"column\" data-e-type=\"column\">\n\t\t\t<div class=\"elementor-widget-wrap elementor-element-populated\">\n\t\t\t\t\t\t<div class=\"elementor-element elementor-element-8fa45f3 elementor-widget elementor-widget-heading\" data-id=\"8fa45f3\" data-element_type=\"widget\" data-e-type=\"widget\" data-widget_type=\"heading.default\">\n\t\t\t\t<div class=\"elementor-widget-container\">\n\t\t\t\t\t<h4 class=\"elementor-heading-title elementor-size-default\">Das PROUD-Projekt ist ein zweij\u00e4hriges Projekt, das aus dem Asyl-, Migrations- und Integrationsfond der Europ\u00e4ischen Kommission finanziert wird. <\/h4>\t\t\t\t<\/div>\n\t\t\t\t<\/div>\n\t\t\t\t<div class=\"elementor-element elementor-element-c7de095 elementor-widget elementor-widget-text-editor\" data-id=\"c7de095\" data-element_type=\"widget\" data-e-type=\"widget\" data-widget_type=\"text-editor.default\">\n\t\t\t\t<div class=\"elementor-widget-container\">\n\t\t\t\t\t\t\t\t\t<p>Insgesamt zielt das PROUD-Projekt darauf ab, das unterst\u00fctzte autonome Leben (SIL) als alternative Praxis f\u00fcr die Betreuung unbegleiteter Minderj\u00e4hriger im Alter von 15-18 Jahren zu f\u00f6rdern. Es werden insbesonders Wissen und bew\u00e4hrte Verfahren zum unterst\u00fctzten autonomen Leben durch die verschiedenen Arbeitspakete des Projekts auf europ\u00e4ischer Ebene gesammelt, ausgetauscht und verbreitet. Gleichzeitig werden im Rahmen des Projekts Methoden zur Verbesserung der Lebensbedingungen unbegleiteter Minderj\u00e4hriger entwickelt.<\/p>\t\t\t\t\t\t\t\t<\/div>\n\t\t\t\t<\/div>\n\t\t\t\t<div class=\"elementor-element elementor-element-16f3d44 elementor-widget elementor-widget-text-editor\" data-id=\"16f3d44\" data-element_type=\"widget\" data-e-type=\"widget\" data-widget_type=\"text-editor.default\">\n\t\t\t\t<div class=\"elementor-widget-container\">\n\t\t\t\t\t\t\t\t\t<p>In diesem Zusammenhang wird das PROUD-Projekt den Erwerb und die Entwicklung von Qualifikationen von Kinderschutzfachleuten und die Einf\u00fchrung eines Beratungssystems unterst\u00fctzen, um die besondere Bedarfe von Minderj\u00e4hrigen auf dem Weg in einen Beruf zu decken. Es wird erwartet, dass das Projekt sowohl kurz- als auch langfristig eine hohe Auswirkung haben wird. Kurzfristig sollen 200 Minderj\u00e4hrige im Alter von 15 bis 18 Jahren, sowie mehr als 500 Kinderschutzfachkr\u00e4fte davon profitieren. Langfristig d\u00fcrfte sich das Projekt positiv auf die EU-Mitgliedstaaten auswirken, was die Einf\u00fchrung alternativer Betreuungs- und Schutzpraktiken angeht.<\/p>\t\t\t\t\t\t\t\t<\/div>\n\t\t\t\t<\/div>\n\t\t\t\t\t<\/div>\n\t\t<\/div>\n\t\t\t\t\t<\/div>\n\t\t<\/section>\n\t\t\t\t<section class=\"elementor-section elementor-top-section elementor-element elementor-element-83dadd9 elementor-section-boxed elementor-section-height-default elementor-section-height-default\" data-id=\"83dadd9\" data-element_type=\"section\" data-e-type=\"section\" data-settings=\"{&quot;background_background&quot;:&quot;classic&quot;,&quot;_ha_eqh_enable&quot;:false}\">\n\t\t\t\t\t\t<div class=\"elementor-container elementor-column-gap-no\">\n\t\t\t\t\t<div class=\"elementor-column elementor-col-100 elementor-top-column elementor-element elementor-element-a03e40f\" data-id=\"a03e40f\" data-element_type=\"column\" data-e-type=\"column\">\n\t\t\t<div class=\"elementor-widget-wrap elementor-element-populated\">\n\t\t\t\t\t\t<div class=\"elementor-element elementor-element-b54e89c elementor-widget elementor-widget-image\" data-id=\"b54e89c\" data-element_type=\"widget\" data-e-type=\"widget\" data-widget_type=\"image.default\">\n\t\t\t\t<div class=\"elementor-widget-container\">\n\t\t\t\t\t\t\t\t\t\t\t\t\t\t\t<img fetchpriority=\"high\" decoding=\"async\" width=\"1920\" height=\"1280\" src=\"https:\/\/careforminors.eu\/wp-content\/uploads\/2020\/08\/proud_images_3.jpg\" class=\"attachment-full size-full wp-image-31\" alt=\"\" srcset=\"https:\/\/careforminors.eu\/wp-content\/uploads\/2020\/08\/proud_images_3.jpg 1920w, https:\/\/careforminors.eu\/wp-content\/uploads\/2020\/08\/proud_images_3-300x200.jpg 300w, https:\/\/careforminors.eu\/wp-content\/uploads\/2020\/08\/proud_images_3-1024x683.jpg 1024w, https:\/\/careforminors.eu\/wp-content\/uploads\/2020\/08\/proud_images_3-768x512.jpg 768w, https:\/\/careforminors.eu\/wp-content\/uploads\/2020\/08\/proud_images_3-1536x1024.jpg 1536w\" sizes=\"(max-width: 1920px) 100vw, 1920px\" \/>\t\t\t\t\t\t\t\t\t\t\t\t\t\t\t<\/div>\n\t\t\t\t<\/div>\n\t\t\t\t\t<\/div>\n\t\t<\/div>\n\t\t\t\t\t<\/div>\n\t\t<\/section>\n\t\t\t\t<section class=\"elementor-section elementor-top-section elementor-element elementor-element-123231e elementor-section-boxed elementor-section-height-default elementor-section-height-default\" data-id=\"123231e\" data-element_type=\"section\" data-e-type=\"section\" data-settings=\"{&quot;background_background&quot;:&quot;classic&quot;,&quot;_ha_eqh_enable&quot;:false}\">\n\t\t\t\t\t\t<div class=\"elementor-container elementor-column-gap-no\">\n\t\t\t\t\t<div class=\"elementor-column elementor-col-100 elementor-top-column elementor-element elementor-element-6a63120\" data-id=\"6a63120\" data-element_type=\"column\" data-e-type=\"column\">\n\t\t\t<div class=\"elementor-widget-wrap elementor-element-populated\">\n\t\t\t\t\t\t<div class=\"elementor-element elementor-element-2dc3757 elementor-widget elementor-widget-text-editor\" data-id=\"2dc3757\" data-element_type=\"widget\" data-e-type=\"widget\" data-widget_type=\"text-editor.default\">\n\t\t\t\t<div class=\"elementor-widget-container\">\n\t\t\t\t\t\t\t\t\t<p>Das PROUD-Projekt wird in zwei Phasen umgesetzt. Im ersten Jahr wird der Schwerpunkt der Ma\u00dfnahmen in der Ermittlung und Analyse des Rahmens f\u00fcr die Integration unbegleiteter Minderj\u00e4hriger in den teilnehmenden L\u00e4ndern, sowie in einer Bewertung der Integrationsangebote.<\/p>\t\t\t\t\t\t\t\t<\/div>\n\t\t\t\t<\/div>\n\t\t\t\t<div class=\"elementor-element elementor-element-b8ce14d elementor-widget elementor-widget-text-editor\" data-id=\"b8ce14d\" data-element_type=\"widget\" data-e-type=\"widget\" data-widget_type=\"text-editor.default\">\n\t\t\t\t<div class=\"elementor-widget-container\">\n\t\t\t\t\t\t\t\t\t<p>Auf der Grundlage der erhobenen Daten werden bew\u00e4hrte Verfahren hervorgehoben, die wiederum in einen umfassenden Leitfaden f\u00fcr Kinderschutzfachleute aufgenommen werden. Dieser Leitfaden soll Fachkr\u00e4ften \u00fcber bereits bestehende Programme auf nationaler und europ\u00e4ischer Ebene und Unterst\u00fctzungsdienste informieren und dabei unterst\u00fctzten die eigene Hilfen auf- und auszubauen oder zu verbessern.<\/p>\t\t\t\t\t\t\t\t<\/div>\n\t\t\t\t<\/div>\n\t\t\t\t<div class=\"elementor-element elementor-element-86d53a3 elementor-widget elementor-widget-text-editor\" data-id=\"86d53a3\" data-element_type=\"widget\" data-e-type=\"widget\" data-widget_type=\"text-editor.default\">\n\t\t\t\t<div class=\"elementor-widget-container\">\n\t\t\t\t\t\t\t\t\t<p>Die zweite Phase des Projekts umfasst die Ausbildung dieser Fachkr\u00e4fte, die in bereits bestehende Programme in ihren L\u00e4ndern arbeiten. Dar\u00fcber hinaus besch\u00e4ftigt sich diese Phase mit der Entwicklung und Umsetzung von Integrationswegen f\u00fcr unbegleitete Minderj\u00e4hrige durch ein Mentoring-Programm. Hier werden Kinderschutzfachleute und andere Fachkr\u00e4fte mit Minderj\u00e4hrigen im Alter von 15 bis 18 Jahren zusammengebracht, um den \u00dcbergang von der Unterbringung in Einrichtungen in ein unabh\u00e4ngiges Leben zu erleichtern.<\/p><p>Die zweite Phase des Projekts wird auf der ersten Phase basieren, indem die ersten Ma\u00dfnahmen und deren Anpassung an die Bed\u00fcrfnisse der einzelnen Hauptzielgruppen bewertet und \u00fcberpr\u00fcft werden. Die sorgf\u00e4ltige \u00dcberpr\u00fcfung der ersten Schritte des Projekts wird den Verlauf des Projekts festlegen.<\/p>\t\t\t\t\t\t\t\t<\/div>\n\t\t\t\t<\/div>\n\t\t\t\t<div class=\"elementor-element elementor-element-30b4a65 elementor-widget-divider--view-line elementor-widget elementor-widget-divider\" data-id=\"30b4a65\" data-element_type=\"widget\" data-e-type=\"widget\" data-widget_type=\"divider.default\">\n\t\t\t\t<div class=\"elementor-widget-container\">\n\t\t\t\t\t\t\t<div class=\"elementor-divider\">\n\t\t\t<span class=\"elementor-divider-separator\">\n\t\t\t\t\t\t<\/span>\n\t\t<\/div>\n\t\t\t\t\t\t<\/div>\n\t\t\t\t<\/div>\n\t\t\t\t<div class=\"elementor-element elementor-element-60d7c2b elementor-widget elementor-widget-heading\" data-id=\"60d7c2b\" data-element_type=\"widget\" data-e-type=\"widget\" data-widget_type=\"heading.default\">\n\t\t\t\t<div class=\"elementor-widget-container\">\n\t\t\t\t\t<h2 class=\"elementor-heading-title elementor-size-default\">An wen richten wir uns?<\/h2>\t\t\t\t<\/div>\n\t\t\t\t<\/div>\n\t\t\t\t<section class=\"elementor-section elementor-inner-section elementor-element elementor-element-883d294 elementor-section-boxed elementor-section-height-default elementor-section-height-default\" data-id=\"883d294\" data-element_type=\"section\" data-e-type=\"section\" data-settings=\"{&quot;_ha_eqh_enable&quot;:false}\">\n\t\t\t\t\t\t<div class=\"elementor-container elementor-column-gap-no\">\n\t\t\t\t\t<div class=\"elementor-column elementor-col-100 elementor-inner-column elementor-element elementor-element-3bea995\" data-id=\"3bea995\" data-element_type=\"column\" data-e-type=\"column\">\n\t\t\t<div class=\"elementor-widget-wrap elementor-element-populated\">\n\t\t\t\t\t\t<div class=\"elementor-element elementor-element-258a88f elementor-widget-divider--view-line elementor-widget elementor-widget-divider\" data-id=\"258a88f\" data-element_type=\"widget\" data-e-type=\"widget\" data-widget_type=\"divider.default\">\n\t\t\t\t<div class=\"elementor-widget-container\">\n\t\t\t\t\t\t\t<div class=\"elementor-divider\">\n\t\t\t<span class=\"elementor-divider-separator\">\n\t\t\t\t\t\t<\/span>\n\t\t<\/div>\n\t\t\t\t\t\t<\/div>\n\t\t\t\t<\/div>\n\t\t\t\t<div class=\"elementor-element elementor-element-ea323c6 elementor-widget elementor-widget-heading\" data-id=\"ea323c6\" data-element_type=\"widget\" data-e-type=\"widget\" data-widget_type=\"heading.default\">\n\t\t\t\t<div class=\"elementor-widget-container\">\n\t\t\t\t\t<h4 class=\"elementor-heading-title elementor-size-default\">Die Wichtigsten Zielgruppen des Projekts sind unbegleitete Minderj\u00e4hrige im Alter von 15-18 Jahren<\/h4>\t\t\t\t<\/div>\n\t\t\t\t<\/div>\n\t\t\t\t\t<\/div>\n\t\t<\/div>\n\t\t\t\t\t<\/div>\n\t\t<\/section>\n\t\t\t\t<section class=\"elementor-section elementor-inner-section elementor-element elementor-element-e6433ab elementor-section-boxed elementor-section-height-default elementor-section-height-default\" data-id=\"e6433ab\" data-element_type=\"section\" data-e-type=\"section\" data-settings=\"{&quot;_ha_eqh_enable&quot;:false}\">\n\t\t\t\t\t\t<div class=\"elementor-container elementor-column-gap-no\">\n\t\t\t\t\t<div class=\"elementor-column elementor-col-100 elementor-inner-column elementor-element elementor-element-f3fad52\" data-id=\"f3fad52\" data-element_type=\"column\" data-e-type=\"column\">\n\t\t\t<div class=\"elementor-widget-wrap elementor-element-populated\">\n\t\t\t\t\t\t<div class=\"elementor-element elementor-element-95d41b3 elementor-widget-divider--view-line elementor-widget elementor-widget-divider\" data-id=\"95d41b3\" data-element_type=\"widget\" data-e-type=\"widget\" data-widget_type=\"divider.default\">\n\t\t\t\t<div class=\"elementor-widget-container\">\n\t\t\t\t\t\t\t<div class=\"elementor-divider\">\n\t\t\t<span class=\"elementor-divider-separator\">\n\t\t\t\t\t\t<\/span>\n\t\t<\/div>\n\t\t\t\t\t\t<\/div>\n\t\t\t\t<\/div>\n\t\t\t\t<div class=\"elementor-element elementor-element-ff55c67 elementor-widget elementor-widget-heading\" data-id=\"ff55c67\" data-element_type=\"widget\" data-e-type=\"widget\" data-widget_type=\"heading.default\">\n\t\t\t\t<div class=\"elementor-widget-container\">\n\t\t\t\t\t<h4 class=\"elementor-heading-title elementor-size-default\">Fachleute, die unbegleitete Minderj\u00e4hrige unterst\u00fctzen<\/h4>\t\t\t\t<\/div>\n\t\t\t\t<\/div>\n\t\t\t\t\t<\/div>\n\t\t<\/div>\n\t\t\t\t\t<\/div>\n\t\t<\/section>\n\t\t\t\t<section class=\"elementor-section elementor-inner-section elementor-element elementor-element-d9d7d95 elementor-section-boxed elementor-section-height-default elementor-section-height-default\" data-id=\"d9d7d95\" data-element_type=\"section\" data-e-type=\"section\" data-settings=\"{&quot;_ha_eqh_enable&quot;:false}\">\n\t\t\t\t\t\t<div class=\"elementor-container elementor-column-gap-no\">\n\t\t\t\t\t<div class=\"elementor-column elementor-col-100 elementor-inner-column elementor-element elementor-element-cef7644\" data-id=\"cef7644\" data-element_type=\"column\" data-e-type=\"column\">\n\t\t\t<div class=\"elementor-widget-wrap elementor-element-populated\">\n\t\t\t\t\t\t<div class=\"elementor-element elementor-element-dc6b259 elementor-widget-divider--view-line elementor-widget elementor-widget-divider\" data-id=\"dc6b259\" data-element_type=\"widget\" data-e-type=\"widget\" data-widget_type=\"divider.default\">\n\t\t\t\t<div class=\"elementor-widget-container\">\n\t\t\t\t\t\t\t<div class=\"elementor-divider\">\n\t\t\t<span class=\"elementor-divider-separator\">\n\t\t\t\t\t\t<\/span>\n\t\t<\/div>\n\t\t\t\t\t\t<\/div>\n\t\t\t\t<\/div>\n\t\t\t\t<div class=\"elementor-element elementor-element-c96ad73 elementor-widget elementor-widget-heading\" data-id=\"c96ad73\" data-element_type=\"widget\" data-e-type=\"widget\" data-widget_type=\"heading.default\">\n\t\t\t\t<div class=\"elementor-widget-container\">\n\t\t\t\t\t<h4 class=\"elementor-heading-title elementor-size-default\">Politische Entscheidungstr\u00e4ger in den Bereichen Migration, Flucht und Kinderschutz<\/h4>\t\t\t\t<\/div>\n\t\t\t\t<\/div>\n\t\t\t\t\t<\/div>\n\t\t<\/div>\n\t\t\t\t\t<\/div>\n\t\t<\/section>\n\t\t\t\t<section class=\"elementor-section elementor-inner-section elementor-element elementor-element-ceab647 elementor-section-boxed elementor-section-height-default elementor-section-height-default\" data-id=\"ceab647\" data-element_type=\"section\" data-e-type=\"section\" data-settings=\"{&quot;_ha_eqh_enable&quot;:false}\">\n\t\t\t\t\t\t<div class=\"elementor-container elementor-column-gap-no\">\n\t\t\t\t\t<div class=\"elementor-column elementor-col-100 elementor-inner-column elementor-element elementor-element-e23758c\" data-id=\"e23758c\" data-element_type=\"column\" data-e-type=\"column\">\n\t\t\t<div class=\"elementor-widget-wrap elementor-element-populated\">\n\t\t\t\t\t\t<div class=\"elementor-element elementor-element-d71ee98 elementor-widget-divider--view-line elementor-widget elementor-widget-divider\" data-id=\"d71ee98\" data-element_type=\"widget\" data-e-type=\"widget\" data-widget_type=\"divider.default\">\n\t\t\t\t<div class=\"elementor-widget-container\">\n\t\t\t\t\t\t\t<div class=\"elementor-divider\">\n\t\t\t<span class=\"elementor-divider-separator\">\n\t\t\t\t\t\t<\/span>\n\t\t<\/div>\n\t\t\t\t\t\t<\/div>\n\t\t\t\t<\/div>\n\t\t\t\t<div class=\"elementor-element elementor-element-563298b elementor-widget elementor-widget-heading\" data-id=\"563298b\" data-element_type=\"widget\" data-e-type=\"widget\" data-widget_type=\"heading.default\">\n\t\t\t\t<div class=\"elementor-widget-container\">\n\t\t\t\t\t<h4 class=\"elementor-heading-title elementor-size-default\">die Gesellschaft im weiteren Sinne<\/h4>\t\t\t\t<\/div>\n\t\t\t\t<\/div>\n\t\t\t\t\t<\/div>\n\t\t<\/div>\n\t\t\t\t\t<\/div>\n\t\t<\/section>\n\t\t\t\t\t<\/div>\n\t\t<\/div>\n\t\t\t\t\t<\/div>\n\t\t<\/section>\n\t\t\t\t<\/div>","protected":false},"excerpt":{"rendered":"<p>About The Proud Project PROUD is a two-year project, funded by the Asylum, Migration and Integration Fund of the European Commission. Overall, the project aims at promoting supported independent living (SIL) as an alternative care practice for unaccompanied minors focused on minors aged 15-18 in four European countries. Spe- cifically, knowledge and good practices regarding [&hellip;]<\/p>\n","protected":false},"author":1,"featured_media":0,"parent":0,"menu_order":0,"comment_status":"closed","ping_status":"closed","template":"","meta":{"site-sidebar-layout":"no-sidebar","site-content-layout":"page-builder","ast-site-content-layout":"default","site-content-style":"default","site-sidebar-style":"default","ast-global-header-display":"","ast-banner-title-visibility":"","ast-main-header-display":"","ast-hfb-above-header-display":"","ast-hfb-below-header-display":"","ast-hfb-mobile-header-display":"","site-post-title":"disabled","ast-breadcrumbs-content":"disabled","ast-featured-img":"disabled","footer-sml-layout":"","ast-disable-related-posts":"","theme-transparent-header-meta":"enabled","adv-header-id-meta":"","stick-header-meta":"","header-above-stick-meta":null,"header-main-stick-meta":"","header-below-stick-meta":null,"astra-migrate-meta-layouts":"default","ast-page-background-enabled":"default","ast-page-background-meta":{"desktop":{"background-color":"","background-image":"","background-repeat":"repeat","background-position":"center center","background-size":"auto","background-attachment":"scroll","background-type":"","background-media":"","overlay-type":"","overlay-color":"","overlay-opacity":"","overlay-gradient":""},"tablet":{"background-color":"","background-image":"","background-repeat":"repeat","background-position":"center center","background-size":"auto","background-attachment":"scroll","background-type":"","background-media":"","overlay-type":"","overlay-color":"","overlay-opacity":"","overlay-gradient":""},"mobile":{"background-color":"","background-image":"","background-repeat":"repeat","background-position":"center center","background-size":"auto","background-attachment":"scroll","background-type":"","background-media":"","overlay-type":"","overlay-color":"","overlay-opacity":"","overlay-gradient":""}},"ast-content-background-meta":{"desktop":{"background-color":"var(--ast-global-color-5)","background-image":"","background-repeat":"repeat","background-position":"center center","background-size":"auto","background-attachment":"scroll","background-type":"","background-media":"","overlay-type":"","overlay-color":"","overlay-opacity":"","overlay-gradient":""},"tablet":{"background-color":"var(--ast-global-color-5)","background-image":"","background-repeat":"repeat","background-position":"center center","background-size":"auto","background-attachment":"scroll","background-type":"","background-media":"","overlay-type":"","overlay-color":"","overlay-opacity":"","overlay-gradient":""},"mobile":{"background-color":"var(--ast-global-color-5)","background-image":"","background-repeat":"repeat","background-position":"center center","background-size":"auto","background-attachment":"scroll","background-type":"","background-media":"","overlay-type":"","overlay-color":"","overlay-opacity":"","overlay-gradient":""}},"footnotes":""},"class_list":["post-182","page","type-page","status-publish","hentry"],"_links":{"self":[{"href":"https:\/\/careforminors.eu\/de\/wp-json\/wp\/v2\/pages\/182","targetHints":{"allow":["GET"]}}],"collection":[{"href":"https:\/\/careforminors.eu\/de\/wp-json\/wp\/v2\/pages"}],"about":[{"href":"https:\/\/careforminors.eu\/de\/wp-json\/wp\/v2\/types\/page"}],"author":[{"embeddable":true,"href":"https:\/\/careforminors.eu\/de\/wp-json\/wp\/v2\/users\/1"}],"replies":[{"embeddable":true,"href":"https:\/\/careforminors.eu\/de\/wp-json\/wp\/v2\/comments?post=182"}],"version-history":[{"count":10,"href":"https:\/\/careforminors.eu\/de\/wp-json\/wp\/v2\/pages\/182\/revisions"}],"predecessor-version":[{"id":417,"href":"https:\/\/careforminors.eu\/de\/wp-json\/wp\/v2\/pages\/182\/revisions\/417"}],"wp:attachment":[{"href":"https:\/\/careforminors.eu\/de\/wp-json\/wp\/v2\/media?parent=182"}],"curies":[{"name":"wp","href":"https:\/\/api.w.org\/{rel}","templated":true}]}}